{"id":14584,"date":"2026-01-30T20:23:41","date_gmt":"2026-01-31T01:23:41","guid":{"rendered":"https:\/\/crrf-fcrr.ca\/?post_type=event&#038;p=14584"},"modified":"2026-02-18T16:59:40","modified_gmt":"2026-02-18T21:59:40","slug":"trouver-un-terrain-dentente-la-strategie-canadienne-en-matiere-de-justice-pour-les-personnes-noires","status":"publish","type":"event","link":"https:\/\/crrf-fcrr.ca\/fr\/event\/trouver-un-terrain-dentente-la-strategie-canadienne-en-matiere-de-justice-pour-les-personnes-noires\/","title":{"rendered":"Trouver un terrain d\u2019entente : La strat\u00e9gie canadienne en mati\u00e8re de justice pour les personnes noires"},"content":{"rendered":"\n<p><\/p>\n\n\n\n<p>En 2025, le gouvernement f\u00e9d\u00e9ral a annonc\u00e9 un plan de mise en \u0153uvre de 10&nbsp;ans de la Strat\u00e9gie canadienne en mati\u00e8re de justice pour les personnes noires. Visant \u00e0 r\u00e9duire le racisme et la discrimination syst\u00e9mique qui ont men\u00e9 \u00e0 la surrepr\u00e9sentation des communaut\u00e9s noires dans le syst\u00e8me judiciaire, la strat\u00e9gie propose 114&nbsp;recommandations dans des domaines tels que les services de police, les tribunaux, les services correctionnels et l\u2019aide sociale.<\/p>\n\n\n\n<p>Cette diffusion en ligne r\u00e9unira des dirigeantes et dirigeants communautaires et des chefs de gouvernement pour discuter de la mani\u00e8re de mettre en \u0153uvre ces recommandations, du meilleur moment pour le faire ainsi que des strat\u00e9gies pour les communiquer efficacement et renforcer l\u2019engagement et la responsabilisation.<\/p>\n\n\n\n<p>Nous tenons \u00e0 remercier tout particuli\u00e8rement nos partenaires de la Fondation pour les communaut\u00e9s noires (FPCN) et du Fonds de prosp\u00e9rit\u00e9 pour l\u2019avancement des communaut\u00e9s noires (FPACN) pour leurs conseils et leur soutien dans le cadre de cette importante discussion.<\/p>\n","protected":false},"excerpt":{"rendered":"<p>En 2025, le gouvernement f\u00e9d\u00e9ral a annonc\u00e9 un plan de mise en \u0153uvre de 10&nbsp;ans de la Strat\u00e9gie canadienne en mati\u00e8re de justice pour les personnes noires. Visant \u00e0 r\u00e9duire le racisme et la discrimination syst\u00e9mique qui ont men\u00e9 \u00e0 la surrepr\u00e9sentation des communaut\u00e9s noires dans le syst\u00e8me judiciaire, la strat\u00e9gie propose 114&nbsp;recommandations dans des [&hellip;]<\/p>\n","protected":false},"featured_media":14640,"parent":0,"template":"","class_list":["post-14584","event","type-event","status-publish","has-post-thumbnail","hentry"],"acf":[],"_links":{"self":[{"href":"https:\/\/crrf-fcrr.ca\/fr\/wp-json\/wp\/v2\/event\/14584","targetHints":{"allow":["GET"]}}],"collection":[{"href":"https:\/\/crrf-fcrr.ca\/fr\/wp-json\/wp\/v2\/event"}],"about":[{"href":"https:\/\/crrf-fcrr.ca\/fr\/wp-json\/wp\/v2\/types\/event"}],"wp:featuredmedia":[{"embeddable":true,"href":"https:\/\/crrf-fcrr.ca\/fr\/wp-json\/wp\/v2\/media\/14640"}],"wp:attachment":[{"href":"https:\/\/crrf-fcrr.ca\/fr\/wp-json\/wp\/v2\/media?parent=14584"}],"curies":[{"name":"wp","href":"https:\/\/api.w.org\/{rel}","templated":true}]}}