{"id":4761,"date":"2023-05-12T16:29:37","date_gmt":"2023-05-12T20:29:37","guid":{"rendered":"https:\/\/crrf-fcrr.ca\/event\/anti-black-racism-and-the-employment-equity-act\/"},"modified":"2023-05-12T16:32:28","modified_gmt":"2023-05-12T20:32:28","slug":"le-racisme-anti-noir-et-la-loi-sur-lequite-en-matiere-demploi","status":"publish","type":"event","link":"https:\/\/crrf-fcrr.ca\/fr\/event\/le-racisme-anti-noir-et-la-loi-sur-lequite-en-matiere-demploi\/","title":{"rendered":"Le racisme anti-noir et la Loi sur l&rsquo;\u00e9quit\u00e9 en mati\u00e8re d&#8217;emploi"},"content":{"rendered":"\n<p><strong>La Loi sur l&rsquo;\u00e9quit\u00e9 en mati\u00e8re d&#8217;emploi laisse-t-elle tomber les travailleurs canadiens noirs ? :<\/strong><\/p>\n\n\n\n<p><em><strong>Une table ronde organis\u00e9e par le FCRR en partenariat avec le Congr\u00e8s du travail du Canada<\/strong><\/em><\/p>\n\n\n\n<p>L&rsquo;efficacit\u00e9 de la Loi sur l&rsquo;\u00e9quit\u00e9 en mati\u00e8re d&#8217;emploi (LEE) a toujours fait l&rsquo;objet de nombreuses discussions.&nbsp; Nombreux sont ceux qui applaudissent les gains r\u00e9alis\u00e9s gr\u00e2ce \u00e0 cette loi pour am\u00e9liorer la repr\u00e9sentation des femmes sur le march\u00e9 du travail, mais nombreux sont ceux qui la d\u00e9nigrent pour ce qui est de sa capacit\u00e9 \u00e0 faire progresser l&rsquo;\u00e9quit\u00e9 pour les Canadiens racialis\u00e9s. Mais au cours des 35 ann\u00e9es qui ont suivi l&rsquo;entr\u00e9e en vigueur de la Loi, a-t-elle vraiment servi les travailleurs canadiens noirs ?&nbsp; La FCRR et le Congr\u00e8s du travail du Canada organisent conjointement une discussion en ligne pour comprendre les progr\u00e8s de la LEE et savoir jusqu&rsquo;o\u00f9 elle doit aller pour inclure les Canadiens d&rsquo;origine africaine.&nbsp; Ne manquez pas cette discussion !<\/p>\n\n\n\n<p><strong>Quand ?<\/strong>&nbsp;: Le 19 mars 2021 \u00e0 13 h, HNE.<\/p>\n\n\n\n<p>Pour vous inscrire \u00e0 cet \u00e9v\u00e9nement en ligne, veuillez cliquer&nbsp;<a href=\"https:\/\/www.eventbrite.ca\/e\/employment-equityis-it-failing-black-workers-equite-en-matiere-demploi-tickets-145745955075\" target=\"_blank\" rel=\"noreferrer noopener\">ici<\/a>.<\/p>\n","protected":false},"excerpt":{"rendered":"<p>La Loi sur l&rsquo;\u00e9quit\u00e9 en mati\u00e8re d&#8217;emploi laisse-t-elle tomber les travailleurs canadiens noirs ? : Une table ronde organis\u00e9e par le FCRR en partenariat avec le Congr\u00e8s du travail du Canada L&rsquo;efficacit\u00e9 de la Loi sur l&rsquo;\u00e9quit\u00e9 en mati\u00e8re d&#8217;emploi (LEE) a toujours fait l&rsquo;objet de nombreuses discussions.&nbsp; Nombreux sont ceux qui applaudissent les gains [&hellip;]<\/p>\n","protected":false},"featured_media":4762,"parent":0,"template":"","class_list":["post-4761","event","type-event","status-publish","has-post-thumbnail","hentry","event-category-table-ronde"],"acf":[],"_links":{"self":[{"href":"https:\/\/crrf-fcrr.ca\/fr\/wp-json\/wp\/v2\/event\/4761","targetHints":{"allow":["GET"]}}],"collection":[{"href":"https:\/\/crrf-fcrr.ca\/fr\/wp-json\/wp\/v2\/event"}],"about":[{"href":"https:\/\/crrf-fcrr.ca\/fr\/wp-json\/wp\/v2\/types\/event"}],"wp:featuredmedia":[{"embeddable":true,"href":"https:\/\/crrf-fcrr.ca\/fr\/wp-json\/wp\/v2\/media\/4762"}],"wp:attachment":[{"href":"https:\/\/crrf-fcrr.ca\/fr\/wp-json\/wp\/v2\/media?parent=4761"}],"curies":[{"name":"wp","href":"https:\/\/api.w.org\/{rel}","templated":true}]}}