{"id":5356,"date":"2023-06-06T11:43:24","date_gmt":"2023-06-06T15:43:24","guid":{"rendered":"https:\/\/crrf-fcrr.ca\/?post_type=event&#038;p=5356"},"modified":"2023-06-06T11:48:00","modified_gmt":"2023-06-06T15:48:00","slug":"projections-regionales-de-black-ice-pour-le-mois-de-lhistoire-des-noirs","status":"publish","type":"event","link":"https:\/\/crrf-fcrr.ca\/fr\/event\/projections-regionales-de-black-ice-pour-le-mois-de-lhistoire-des-noirs\/","title":{"rendered":"Projections r\u00e9gionales de \u00ab\u00a0Black Ice\u00a0\u00bb pour le Mois de l&rsquo;histoire des Noirs"},"content":{"rendered":"\n<p>La Fondation canadienne des relations raciales (FCRR) a le plaisir de co-pr\u00e9senter des projections (en pr\u00e9sentiel) d&rsquo;un nouveau documentaire qui retrace l&rsquo;histoire du racisme anti-Noir dans le hockey, et les puissantes contributions des Canadiens noirs dans ce sport.<\/p>\n\n\n\n<p>Rendez-vous aux projections r\u00e9gionales de la FCRR pour visionner ce nouveau documentaire puissant. Apr\u00e8s le film, participez \u00e0 une discussion avec des experts sur la fa\u00e7on dont nous pouvons lutter contre le racisme anti-Noir au sein du hockey canadien. Inscrivez-vous pour les prochaines projections ci-dessous :<\/p>\n\n\n\n<p><a href=\"https:\/\/www.eventbrite.ca\/e\/black-icemontreal-premiere-with-guest-speakers-registration-525922066057?utm-campaign=social&amp;utm-content=attendeeshare&amp;utm-medium=discovery&amp;utm-term=listing&amp;utm-source=cp&amp;aff=escb\">Montr\u00e9al, le 13 f\u00e9vrier \u00e0 l\u2019Universit\u00e9 Concordia<\/a><\/p>\n\n\n\n<p><a href=\"https:\/\/www.eventbrite.ca\/e\/canadas-game-for-all-le-jeu-du-canada-pour-tous-tickets-519675512447?aff=ebdsoporgprofile\">Winnipeg, le 16 f\u00e9vrier au Mus\u00e9e canadien pour les droits de la personne <\/a>&nbsp;<\/p>\n\n\n\n<p><a href=\"https:\/\/www.eventbrite.ca\/e\/african-heritage-month-film-screening-tickets-520536487647\">Halifax, le mardi 21 f\u00e9vrier au Mus\u00e9e canadien de l\u2019immigration du Quai 21 <\/a><\/p>\n\n\n\n<p>Le film sera pr\u00e9sent\u00e9 en anglais et sous-titr\u00e9 en fran\u00e7ais. L&rsquo;interpr\u00e9tation simultan\u00e9e en fran\u00e7ais est disponible pour la discussion apr\u00e8s la projection.<\/p>\n\n\n\n<p>Le documentaire sera disponible sur les plateformes de diffusion en continu le 2 f\u00e9vrier.<\/p>\n\n\n\n<p><a href=\"https:\/\/crrf-fcrr.ca\/fr\/2023\/02\/raconter-les-histoires-des-noirs-canadiens-la-fcrr-souligne-le-mois-de-l-histoire-des-noirs-avec-des-projections-regionales-du-documentaire-prime-black-ice\/\">Pour en savoir plus sur le Mois de l&rsquo;histoire des Noirs et sur le documentaire, cliquez ici.<\/a><\/p>\n","protected":false},"excerpt":{"rendered":"<p>La Fondation canadienne des relations raciales (FCRR) a le plaisir de co-pr\u00e9senter des projections (en pr\u00e9sentiel) d&rsquo;un nouveau documentaire qui retrace l&rsquo;histoire du racisme anti-Noir dans le hockey, et les puissantes contributions des Canadiens noirs dans ce sport. Rendez-vous aux projections r\u00e9gionales de la FCRR pour visionner ce nouveau documentaire puissant. Apr\u00e8s le film, participez [&hellip;]<\/p>\n","protected":false},"featured_media":5355,"parent":0,"template":"","class_list":["post-5356","event","type-event","status-publish","has-post-thumbnail","hentry"],"acf":[],"_links":{"self":[{"href":"https:\/\/crrf-fcrr.ca\/fr\/wp-json\/wp\/v2\/event\/5356","targetHints":{"allow":["GET"]}}],"collection":[{"href":"https:\/\/crrf-fcrr.ca\/fr\/wp-json\/wp\/v2\/event"}],"about":[{"href":"https:\/\/crrf-fcrr.ca\/fr\/wp-json\/wp\/v2\/types\/event"}],"wp:featuredmedia":[{"embeddable":true,"href":"https:\/\/crrf-fcrr.ca\/fr\/wp-json\/wp\/v2\/media\/5355"}],"wp:attachment":[{"href":"https:\/\/crrf-fcrr.ca\/fr\/wp-json\/wp\/v2\/media?parent=5356"}],"curies":[{"name":"wp","href":"https:\/\/api.w.org\/{rel}","templated":true}]}}