{"id":3360,"date":"2023-05-01T15:48:04","date_gmt":"2023-05-01T19:48:04","guid":{"rendered":"https:\/\/crrf-fcrr.ca\/crrf-anti-racism-workshop\/"},"modified":"2024-05-30T10:48:45","modified_gmt":"2024-05-30T14:48:45","slug":"ateliers-de-lutte-contre-le-racisme","status":"publish","type":"page","link":"https:\/\/crrf-fcrr.ca\/fr\/ateliers-de-lutte-contre-le-racisme\/","title":{"rendered":"Ateliers de lutte contre le racisme"},"content":{"rendered":"\n\n\n\n<p class=\"has-text-align-center\"><em><strong>Nous vous remercions de l&rsquo;int\u00e9r\u00eat que vous portez \u00e0 ce programme. Veuillez noter que cet atelier n&rsquo;est plus disponible pour cette ann\u00e9e fiscale.<\/strong><\/em><\/p>\n\n\n\n<div class=\"wp-block-columns pattern-two-column is-layout-flex wp-container-core-columns-is-layout-9d6595d7 wp-block-columns-is-layout-flex\">\n<div class=\"wp-block-column pattern-two-column__title is-layout-flow wp-block-column-is-layout-flow\">\n<h2 class=\"wp-block-heading\"><strong>Contexte<\/strong><\/h2>\n<\/div>\n\n\n\n<div class=\"wp-block-column pattern-two-column__content is-layout-flow wp-block-column-is-layout-flow\">\n<p>On dit souvent qu&rsquo;il ne suffit pas d&rsquo;\u00eatre contre le racisme : il faut travailler activement contre ce ph\u00e9nom\u00e8ne insidieux. Nous devrions tous \u00eatre des antiracistes pour faire en sorte que toutes les personnes au Canada se sentent en s\u00e9curit\u00e9, engag\u00e9es et respect\u00e9es. Le travail de la FCRR en mati\u00e8re d&rsquo;\u00e9quit\u00e9 raciale a permis \u00e0 nos \u00e9quipes d&rsquo;acqu\u00e9rir des connaissances et des ressources \u00e9ducatives \u00e0 partager avec les personnes int\u00e9ress\u00e9es \u00e0 introduire des pratiques antiracistes dans leurs milieux de travail et leurs communaut\u00e9s.<\/p>\n\n\n\n<p>Ces ateliers sont con\u00e7us pour offrir un espace en toute s\u00e9curit\u00e9 qui sert \u00e0 discuter de l&rsquo;\u00e9quit\u00e9, de la race et des droits de l&rsquo;homme, tout en aidant les participants \u00e0 g\u00e9rer les diff\u00e9rences, les relations de pouvoir et les conflits. Le contenu des ateliers est con\u00e7u pour un environnement d&rsquo;apprentissage par l&rsquo;exp\u00e9rience. Chaque atelier sera anim\u00e9 par des facilitateurs experts en la mati\u00e8re.<\/p>\n\n\n\n<p>Veuillez noter que nous ne proposons pas d&rsquo;ateliers personnalis\u00e9s ou d&rsquo;ateliers individuels pour le moment. Cela dit, nous sommes en mesure d&rsquo;apporter de l\u00e9gers ajustements au contenu afin de l&rsquo;adapter aux besoins et aux int\u00e9r\u00eats des organismes. Faites-nous part de vos besoins dans le formulaire de demande, et nous ferons de notre mieux pour les satisfaire.<\/p>\n<\/div>\n<\/div>\n\n\n\n<div class=\"wp-block-columns pattern-two-column is-layout-flex wp-container-core-columns-is-layout-9d6595d7 wp-block-columns-is-layout-flex\">\n<div class=\"wp-block-column pattern-two-column__title is-layout-flow wp-block-column-is-layout-flow\">\n<h2 class=\"wp-block-heading\">Ordre du jour<\/h2>\n<\/div>\n\n\n\n<div class=\"wp-block-column pattern-two-column__content is-layout-flow wp-block-column-is-layout-flow\">\n<p>L&rsquo;atelier est une session virtuelle de 3 heures qui examinera les d\u00e9finitions, les th\u00e9ories et les cadres de travail pour aborder le racisme, les pr\u00e9jug\u00e9s, la discrimination, l&rsquo;oppression et les privil\u00e8ges au Canada.<\/p>\n\n\n\n<p>Les modules de l&rsquo;atelier sont r\u00e9partis dans les sections suivantes :<\/p>\n\n\n\n<ul class=\"wp-block-list\">\n<li>D\u00e9finir : acqu\u00e9rir des connaissances sur le racisme et l&rsquo;antiracisme.<\/li>\n\n\n\n<li>D\u00e9baller : comprendre les motivations du racisme.<\/li>\n\n\n\n<li>Identifier : reconna\u00eetre les manifestations du racisme.<\/li>\n\n\n\n<li>Aborder : d\u00e9velopper des comp\u00e9tences en mati\u00e8re d&rsquo;antiracisme.<\/li>\n<\/ul>\n<\/div>\n<\/div>\n\n\n\n<div class=\"wp-block-columns pattern-two-column is-layout-flex wp-container-core-columns-is-layout-9d6595d7 wp-block-columns-is-layout-flex\">\n<div class=\"wp-block-column pattern-two-column__title is-layout-flow wp-block-column-is-layout-flow\">\n<h2 class=\"wp-block-heading\">Frais d&rsquo;inscription \u00e0 l&rsquo;atelier<\/h2>\n<\/div>\n\n\n\n<div class=\"wp-block-column pattern-two-column__content is-layout-flow wp-block-column-is-layout-flow\">\n<p>Nous proposons une \u00e9chelle mobile pour les organisations \u00e0 but non lucratif, les organisations et soci\u00e9t\u00e9s priv\u00e9es et les \u00e9tablissements d&rsquo;enseignement.&nbsp; Pr\u00e9cisez dans le formulaire d&rsquo;admission \u00e0 quelle cat\u00e9gorie appartient votre organisme.<\/p>\n\n\n\n<p><strong>Bar\u00e8me de co\u00fbt<\/strong><\/p>\n\n\n\n<figure class=\"wp-block-table\"><table class=\"has-fixed-layout\"><tbody><tr><td>&nbsp;Bar\u00e8me&nbsp;<\/td><td>&nbsp;Description<\/td><td>Co\u00fbt par personne<\/td><\/tr><tr><td>&nbsp;1<\/td><td>Revenu organisationnel \u00e9gal ou sup\u00e9rieur \u00e0 5 000 000 $<\/td><td>&nbsp;95 $<\/td><\/tr><tr><td>&nbsp;2<\/td><td>&nbsp;Revenu organisationnel entre 1 000 000 $ et 4 999 999 $<\/td><td>&nbsp;75 $<\/td><\/tr><tr><td>&nbsp;3<\/td><td>&nbsp;Revenu organisationnel entre 500 000 $ et 999 999 $<\/td><td>&nbsp;65 $<\/td><\/tr><tr><td>&nbsp;4<\/td><td>&nbsp;Revenu organisationnel entre 100 000 $ et 499 999 $<\/td><td>&nbsp;55 $<\/td><\/tr><tr><td>&nbsp;5<\/td><td>&nbsp;Revenu organisationnel inf\u00e9rieur \u00e0 100 000 $<\/td><td>&nbsp;45 $<\/td><\/tr><tr><td>&nbsp;6<\/td><td>&nbsp;Revenu organisationnel inf\u00e9rieur \u00e0 40 000 $<\/td><td>&nbsp;0 $<\/td><\/tr><\/tbody><\/table><\/figure>\n<\/div>\n<\/div>\n\n\n\n<div class=\"wp-block-columns pattern-two-column is-layout-flex wp-container-core-columns-is-layout-9d6595d7 wp-block-columns-is-layout-flex\">\n<div class=\"wp-block-column pattern-two-column__title is-layout-flow wp-block-column-is-layout-flow\">\n<h2 class=\"wp-block-heading\"><strong>D\u00e9tails de l&rsquo;inscriptio<\/strong>n<\/h2>\n<\/div>\n\n\n\n<div class=\"wp-block-column pattern-two-column__content is-layout-flow wp-block-column-is-layout-flow\">\n<ul class=\"wp-block-list\">\n<li>Veuillez soumettre votre demande d&rsquo;atelier en utilisant notre&nbsp;<a href=\"https:\/\/forms.gle\/SzKv8gscLah6oa579.\" target=\"_blank\" rel=\"noreferrer noopener\">formulaire d&rsquo;inscription<\/a>.<\/li>\n\n\n\n<li>Veuillez noter que les ateliers seront enregistr\u00e9s \u00e0 des fins internes uniquement.<\/li>\n\n\n\n<li>Veuillez noter que tous les frais doivent \u00eatre pay\u00e9s en totalit\u00e9 afin de confirmer une r\u00e9servation.<\/li>\n\n\n\n<li>Des subventions sont disponibles pour les organismes qui en ont besoin. Veuillez indiquer si c&rsquo;est le cas pour le v\u00f4tre dans le formulaire.<\/li>\n<\/ul>\n\n\n\n<p>Pour toute question concernant ce programme, contactez-nous \u00e0 l&rsquo;adresse&nbsp;<a href=\"mailto:workshops@crrf-fcrr.ca.\">workshops@crrf-fcrr.ca.<\/a><\/p>\n<\/div>\n<\/div>\n","protected":false},"excerpt":{"rendered":"<p>Nous vous remercions de l&rsquo;int\u00e9r\u00eat que vous portez \u00e0 ce programme. Veuillez noter que cet atelier n&rsquo;est plus disponible pour cette ann\u00e9e fiscale. Contexte On dit souvent qu&rsquo;il ne suffit pas d&rsquo;\u00eatre contre le racisme : il faut travailler activement contre ce ph\u00e9nom\u00e8ne insidieux. Nous devrions tous \u00eatre des antiracistes pour faire en sorte que [&hellip;]<\/p>\n","protected":false},"author":1,"featured_media":0,"parent":0,"menu_order":0,"comment_status":"closed","ping_status":"closed","template":"","meta":{"_acf_changed":false,"footnotes":""},"class_list":["post-3360","page","type-page","status-publish","hentry"],"acf":[],"_links":{"self":[{"href":"https:\/\/crrf-fcrr.ca\/fr\/wp-json\/wp\/v2\/pages\/3360","targetHints":{"allow":["GET"]}}],"collection":[{"href":"https:\/\/crrf-fcrr.ca\/fr\/wp-json\/wp\/v2\/pages"}],"about":[{"href":"https:\/\/crrf-fcrr.ca\/fr\/wp-json\/wp\/v2\/types\/page"}],"author":[{"embeddable":true,"href":"https:\/\/crrf-fcrr.ca\/fr\/wp-json\/wp\/v2\/users\/1"}],"replies":[{"embeddable":true,"href":"https:\/\/crrf-fcrr.ca\/fr\/wp-json\/wp\/v2\/comments?post=3360"}],"version-history":[{"count":5,"href":"https:\/\/crrf-fcrr.ca\/fr\/wp-json\/wp\/v2\/pages\/3360\/revisions"}],"predecessor-version":[{"id":9835,"href":"https:\/\/crrf-fcrr.ca\/fr\/wp-json\/wp\/v2\/pages\/3360\/revisions\/9835"}],"wp:attachment":[{"href":"https:\/\/crrf-fcrr.ca\/fr\/wp-json\/wp\/v2\/media?parent=3360"}],"curies":[{"name":"wp","href":"https:\/\/api.w.org\/{rel}","templated":true}]}}