{"id":3614,"date":"2023-05-02T13:22:31","date_gmt":"2023-05-02T17:22:31","guid":{"rendered":"https:\/\/crrf-fcrr.ca\/?page_id=3614"},"modified":"2023-06-15T09:37:23","modified_gmt":"2023-06-15T13:37:23","slug":"le-canada-ateliers-pancanadiens","status":"publish","type":"page","link":"https:\/\/crrf-fcrr.ca\/fr\/le-canada-ateliers-pancanadiens\/","title":{"rendered":"Le Canada, ateliers pancanadiens"},"content":{"rendered":"\n\n\n\n<div class=\"wp-block-columns pattern-two-column is-layout-flex wp-container-core-columns-is-layout-9d6595d7 wp-block-columns-is-layout-flex\">\n<div class=\"wp-block-column pattern-two-column__title is-layout-flow wp-block-column-is-layout-flow\">\n<h2 class=\"wp-block-heading\">Les ateliers<\/h2>\n<\/div>\n\n\n\n<div class=\"wp-block-column pattern-two-column__content is-layout-flow wp-block-column-is-layout-flow\">\n<p><strong>La FCRR lance une s\u00e9rie de 24 ateliers pancanadiens d&rsquo;une journ\u00e9e, organis\u00e9e&nbsp;\u00e0 l&rsquo;intention de dirigeants, de professionnels des ressources humaines ainsi&nbsp;que de formateurs et d&rsquo;animateurs qui travaillent principalement dans un&nbsp;cadre multiculturel. Les ateliers sont gratuits pour tous les participants qualifi\u00e9s.<\/strong><\/p>\n\n\n\n<p>Cette s\u00e9rie d&rsquo;ateliers pancanadiens donne l&rsquo;occasion aux participants de converser\u00a0ouvertement et de mani\u00e8re productive au sujet des croyances et de questions\u00a0connexes, et de discuter de nouvelles situations suscit\u00e9es par le d\u00e9veloppement du\u00a0multiculturalisme canadien. Elle comprend un module et des outils de perfectionnement\u00a0professionnel pouvant \u00eatre inclus \u00e0 des projets de formation existants sur la diversit\u00e9.<\/p>\n\n\n\n<p>Elle est destin\u00e9e \u00e0 des cadres sup\u00e9rieurs qui m\u00e8nent des initiatives sur la diversit\u00e9 et l&rsquo;inclusion. Con\u00e7ue pour&nbsp;forger chez les int\u00e9ress\u00e9s des connaissances quant aux situations qui surviennent en milieu de travail ou dans la&nbsp;collectivit\u00e9 en lien avec les croyances, elle vise \u00e0 accro\u00eetre leur capacit\u00e9 \u00e0 g\u00e9rer des situations n\u00e9es de pratiques&nbsp;religieuses et de valeurs culturelles conflictuelles.<\/p>\n\n\n\n<p>Au cours de ces ateliers, les participants ont l&rsquo;occasion de parler des croyances au Canada avec des leaders&nbsp;confessionnels de leur r\u00e9gion et de discuter de nouvelles situations qui voient le jour en lien avec l&rsquo;accroissement&nbsp;de la population multi-confessionnelle du pays. Le module et les outils de perfectionnement professionnel&nbsp;confessionnel qui en font partie peuvent \u00eatre int\u00e9gr\u00e9s \u00e0 des projets de formation existant sur la diversit\u00e9.<\/p>\n\n\n\n<p>Ce projet d&rsquo;ateliers pancanadiens a pour but d&rsquo;apporter des solutions aux probl\u00e8mes des valeurs conflictuelles en&nbsp;milieu scolaire, en milieu de travail et dans la sph\u00e8re publique. Il b\u00e9n\u00e9ficiera d&rsquo;un appui constant de la part de&nbsp;champions de la diversit\u00e9 de tout le Canada ainsi que de la cr\u00e9ation d&rsquo;outils et de ressources en ligne qui seront&nbsp;pr\u00e9par\u00e9es et tenues \u00e0 jour par la FCRR, et seront accessibles \u00e0 partir de son site Web.<\/p>\n<\/div>\n<\/div>\n","protected":false},"excerpt":{"rendered":"<p>Les ateliers La FCRR lance une s\u00e9rie de 24 ateliers pancanadiens d&rsquo;une journ\u00e9e, organis\u00e9e&nbsp;\u00e0 l&rsquo;intention de dirigeants, de professionnels des ressources humaines ainsi&nbsp;que de formateurs et d&rsquo;animateurs qui travaillent principalement dans un&nbsp;cadre multiculturel. Les ateliers sont gratuits pour tous les participants qualifi\u00e9s. Cette s\u00e9rie d&rsquo;ateliers pancanadiens donne l&rsquo;occasion aux participants de converser\u00a0ouvertement et de mani\u00e8re [&hellip;]<\/p>\n","protected":false},"author":1,"featured_media":0,"parent":0,"menu_order":0,"comment_status":"closed","ping_status":"closed","template":"","meta":{"_acf_changed":false,"footnotes":""},"class_list":["post-3614","page","type-page","status-publish","hentry"],"acf":[],"_links":{"self":[{"href":"https:\/\/crrf-fcrr.ca\/fr\/wp-json\/wp\/v2\/pages\/3614","targetHints":{"allow":["GET"]}}],"collection":[{"href":"https:\/\/crrf-fcrr.ca\/fr\/wp-json\/wp\/v2\/pages"}],"about":[{"href":"https:\/\/crrf-fcrr.ca\/fr\/wp-json\/wp\/v2\/types\/page"}],"author":[{"embeddable":true,"href":"https:\/\/crrf-fcrr.ca\/fr\/wp-json\/wp\/v2\/users\/1"}],"replies":[{"embeddable":true,"href":"https:\/\/crrf-fcrr.ca\/fr\/wp-json\/wp\/v2\/comments?post=3614"}],"version-history":[{"count":4,"href":"https:\/\/crrf-fcrr.ca\/fr\/wp-json\/wp\/v2\/pages\/3614\/revisions"}],"predecessor-version":[{"id":6124,"href":"https:\/\/crrf-fcrr.ca\/fr\/wp-json\/wp\/v2\/pages\/3614\/revisions\/6124"}],"wp:attachment":[{"href":"https:\/\/crrf-fcrr.ca\/fr\/wp-json\/wp\/v2\/media?parent=3614"}],"curies":[{"name":"wp","href":"https:\/\/api.w.org\/{rel}","templated":true}]}}