{"id":1446,"date":"2023-04-06T13:34:47","date_gmt":"2023-04-06T17:34:47","guid":{"rendered":"https:\/\/crrf.7.plankdesign.com\/?post_type=people&#038;p=1446"},"modified":"2023-05-01T11:26:51","modified_gmt":"2023-05-01T15:26:51","slug":"dakota-kochie","status":"publish","type":"people","link":"https:\/\/crrf-fcrr.ca\/fr\/people\/dakota-kochie\/","title":{"rendered":"Dakota Kochie"},"content":{"rendered":"\n<div class=\"wp-block-columns pattern-two-column is-layout-flex wp-container-core-columns-is-layout-9d6595d7 wp-block-columns-is-layout-flex\">\n<div class=\"wp-block-column pattern-two-column__title is-layout-flow wp-block-column-is-layout-flow\">\n<h2 class=\"wp-block-heading\">\u00c0 propos<\/h2>\n<\/div>\n\n\n\n<div class=\"wp-block-column pattern-two-column__content is-layout-flow wp-block-column-is-layout-flow\">\n<p>Dakota Kochie (il\/lui) est actuellement directeur des relations gouvernementales et externes \u00e0 la Soci\u00e9t\u00e9 de gestion des d\u00e9chets nucl\u00e9aires. Dakota vient de terminer son mandat en tant que chef de cabinet de l\u2019Assembl\u00e9e des Premi\u00e8res Nations, une des plus grandes organisations de d\u00e9fense des droits au Canada.<\/p>\n\n\n\n<p>Dakota a humblement d\u00e9fendu les int\u00e9r\u00eats des Premi\u00e8res Nations et continue de conseiller leurs dirigeants sur les enjeux intergouvernementaux, budg\u00e9taires et de d\u00e9veloppement \u00e9conomique. Il a \u00e9t\u00e9 nomm\u00e9 par le ministre de l\u2019Environnement au Groupe consultatif canadien sur l\u2019environnement (GCCE) pour l\u2019Accord \u00e9conomique et commercial global (AECG) entre le Canada et l\u2019Union europ\u00e9enne. Dakota a \u00e9galement travaill\u00e9 pour un d\u00e9put\u00e9 et a particip\u00e9 \u00e0 plusieurs campagnes politiques f\u00e9d\u00e9rales, provinciales et municipales.<\/p>\n\n\n\n<p>Dans ses temps libres, Dakota est un fervent kayakiste, un amateur de football et un d\u00e9fenseur passionn\u00e9 de l\u2019inclusion des Autochtones. Dakota est un fier Anishinaabe de la Premi\u00e8re nation Pinaymootang (Trait\u00e9 n\u00b0&nbsp;2).<\/p>\n<\/div>\n<\/div>\n","protected":false},"featured_media":1431,"parent":0,"template":"","class_list":["post-1446","people","type-people","status-publish","has-post-thumbnail","hentry"],"acf":[],"_links":{"self":[{"href":"https:\/\/crrf-fcrr.ca\/fr\/wp-json\/wp\/v2\/people\/1446","targetHints":{"allow":["GET"]}}],"collection":[{"href":"https:\/\/crrf-fcrr.ca\/fr\/wp-json\/wp\/v2\/people"}],"about":[{"href":"https:\/\/crrf-fcrr.ca\/fr\/wp-json\/wp\/v2\/types\/people"}],"wp:featuredmedia":[{"embeddable":true,"href":"https:\/\/crrf-fcrr.ca\/fr\/wp-json\/wp\/v2\/media\/1431"}],"wp:attachment":[{"href":"https:\/\/crrf-fcrr.ca\/fr\/wp-json\/wp\/v2\/media?parent=1446"}],"curies":[{"name":"wp","href":"https:\/\/api.w.org\/{rel}","templated":true}]}}