{"id":1450,"date":"2023-04-20T10:47:48","date_gmt":"2023-04-20T14:47:48","guid":{"rendered":"https:\/\/crrf.7.plankdesign.com\/?post_type=people&#038;p=1450"},"modified":"2023-05-01T11:30:33","modified_gmt":"2023-05-01T15:30:33","slug":"reyhana-patel","status":"publish","type":"people","link":"https:\/\/crrf-fcrr.ca\/fr\/people\/reyhana-patel\/","title":{"rendered":"Reyhana Patel"},"content":{"rendered":"\n<div class=\"wp-block-columns pattern-two-column is-layout-flex wp-container-core-columns-is-layout-9d6595d7 wp-block-columns-is-layout-flex\">\n<div class=\"wp-block-column pattern-two-column__title is-layout-flow wp-block-column-is-layout-flow\">\n<h2 class=\"wp-block-heading\">\u00c0 propos<\/h2>\n<\/div>\n\n\n\n<div class=\"wp-block-column pattern-two-column__content is-layout-flow wp-block-column-is-layout-flow\">\n<p>Reyhana Patel est actuellement directrice des communications et des relations gouvernementales \u00e0 l\u2019ONG internationale Islamic Relief Canada. Reyhana est une ancienne journaliste de BBC News, militante de longue date et agente de changement dans la soci\u00e9t\u00e9 civile et les communaut\u00e9s minoritaires en mati\u00e8re de violence sexiste, de racisme et de droits des femmes. Elle g\u00e8re le dossier de la violence sexuelle et sexiste au sein du Secours islamique, o\u00f9 elle se sp\u00e9cialise dans la recherche, le d\u00e9veloppement de politiques et les campagnes de sensibilisation visant \u00e0 lutter contre les normes religieuses et culturelles utilis\u00e9es pour commettre des actes de violence sexiste. Reyhana \u00e9crit r\u00e9guli\u00e8rement pour des m\u00e9dias grand public et son travail a \u00e9t\u00e9 diffus\u00e9 sur la BBC et la CBC, et dans le Huffington Post et le Toronto Star.<\/p>\n\n\n\n<p>Reyhana est n\u00e9e \u00e0 la Barbade, o\u00f9 elle a v\u00e9cu la majeure partie de sa vie avant de s\u2019installer au Royaume-Uni, puis au Canada.<\/p>\n<\/div>\n<\/div>\n","protected":false},"featured_media":1478,"parent":0,"template":"","class_list":["post-1450","people","type-people","status-publish","has-post-thumbnail","hentry"],"acf":[],"_links":{"self":[{"href":"https:\/\/crrf-fcrr.ca\/fr\/wp-json\/wp\/v2\/people\/1450","targetHints":{"allow":["GET"]}}],"collection":[{"href":"https:\/\/crrf-fcrr.ca\/fr\/wp-json\/wp\/v2\/people"}],"about":[{"href":"https:\/\/crrf-fcrr.ca\/fr\/wp-json\/wp\/v2\/types\/people"}],"wp:featuredmedia":[{"embeddable":true,"href":"https:\/\/crrf-fcrr.ca\/fr\/wp-json\/wp\/v2\/media\/1478"}],"wp:attachment":[{"href":"https:\/\/crrf-fcrr.ca\/fr\/wp-json\/wp\/v2\/media?parent=1450"}],"curies":[{"name":"wp","href":"https:\/\/api.w.org\/{rel}","templated":true}]}}