{"id":6756,"date":"2023-06-27T10:58:19","date_gmt":"2023-06-27T14:58:19","guid":{"rendered":"https:\/\/crrf-fcrr.ca\/?post_type=people&#038;p=6756"},"modified":"2023-07-07T11:18:12","modified_gmt":"2023-07-07T15:18:12","slug":"andre-ho","status":"publish","type":"people","link":"https:\/\/crrf-fcrr.ca\/fr\/people\/andre-ho\/","title":{"rendered":"Andr\u00e9 Ho"},"content":{"rendered":"\n<div class=\"wp-block-columns pattern-two-column is-layout-flex wp-container-core-columns-is-layout-9d6595d7 wp-block-columns-is-layout-flex\">\n<div class=\"wp-block-column pattern-two-column__title is-layout-flow wp-block-column-is-layout-flow\">\n<h2 class=\"wp-block-heading\">\u00c0 propos<\/h2>\n<\/div>\n\n\n\n<div class=\"wp-block-column pattern-two-column__content is-layout-flow wp-block-column-is-layout-flow\">\n<p>La qu\u00eate d\u2019Andr\u00e9 Ho pour d\u00e9couvrir son identit\u00e9, en tant qu\u2019asiatique homosexuel, l\u2019a motiv\u00e9 \u00e0 faire sa ma\u00eetrise en travail social sur la construction identitaire des personnes LGBTQ+ de familles immigrantes au Qu\u00e9bec. Il a plus de 20 ans d\u2019exp\u00e9rience en travail social dans des milieux communautaires traitant de l&rsquo;itin\u00e9rance, de la sant\u00e9 mentale, des probl\u00e8mes de justice, de la toxicomanie, du racisme et des r\u00e9alit\u00e9s LGBTQ+ et a une grande exp\u00e9rience en gouvernance, gr\u00e2ce \u00e0 son implication sur les conseils d\u2019administration et dans le d\u00e9veloppement d\u2019initiatives communautaires. <\/p>\n\n\n\n<p>Pr\u00e9sentement, Andr\u00e9 est le coordonnateur des services communautaires et projets au Centre communautaire LGBTQ+ de Montr\u00e9al. Pour contrer la r\u00e9surgence du racisme anti-asiatique \u00e0 la suite de la pand\u00e9mie de Covid-19, il a aid\u00e9 \u00e0 \u00e9tablir la Coalition Asiatique pour une Rel\u00e8ve \u00c9mancipatrice (CARE), aupr\u00e8s de laquelle les montr\u00e9alais peuvent d\u00e9velopper des projets communautaires pour contrer le racisme et promouvoir le bien-\u00eatre de leurs communaut\u00e9s. Il a aussi contribu\u00e9 au documentaire sur le racisme <em>Briser le code<\/em>. Pour Andr\u00e9, les communaut\u00e9s marginalis\u00e9es ne sont pas la source du probl\u00e8me, elles portent plut\u00f4t le poids des probl\u00e8mes qui leurs sont impos\u00e9s. En cons\u00e9quence, sa philosophie est \u00ab\u00a0lorsque nous demandons justice, nous de d\u00e9rangeons pas les autres, ce sont les autres qui se sentent d\u00e9rang\u00e9s\u00a0\u00bb, qui est une invitation \u00e0 s\u2019exprimer pour les communaut\u00e9s avec lesquelles il travaille.<\/p>\n<\/div>\n<\/div>\n","protected":false},"featured_media":6281,"parent":0,"template":"","class_list":["post-6756","people","type-people","status-publish","has-post-thumbnail","hentry"],"acf":[],"_links":{"self":[{"href":"https:\/\/crrf-fcrr.ca\/fr\/wp-json\/wp\/v2\/people\/6756","targetHints":{"allow":["GET"]}}],"collection":[{"href":"https:\/\/crrf-fcrr.ca\/fr\/wp-json\/wp\/v2\/people"}],"about":[{"href":"https:\/\/crrf-fcrr.ca\/fr\/wp-json\/wp\/v2\/types\/people"}],"wp:featuredmedia":[{"embeddable":true,"href":"https:\/\/crrf-fcrr.ca\/fr\/wp-json\/wp\/v2\/media\/6281"}],"wp:attachment":[{"href":"https:\/\/crrf-fcrr.ca\/fr\/wp-json\/wp\/v2\/media?parent=6756"}],"curies":[{"name":"wp","href":"https:\/\/api.w.org\/{rel}","templated":true}]}}